{"id":3,"date":"2023-12-28T09:14:30","date_gmt":"2023-12-28T08:14:30","guid":{"rendered":"http:\/\/a2020.it\/?page_id=3"},"modified":"2024-04-23T11:04:46","modified_gmt":"2024-04-23T09:04:46","slug":"privacy-policy","status":"publish","type":"page","link":"https:\/\/a2020.it\/index.php\/privacy-policy\/","title":{"rendered":"Privacy Policy"},"content":{"rendered":"<h1>Privacy policy<\/h1>\n<div>\n<h2><span style=\"font-weight: 400;\">Informativa sul trattamento dei dati personali ex artt. 13-14 Reg.to UE 2016\/679.<\/span><\/h2>\n<\/p>\n<h3><span style=\"font-weight: 400;\">Soggetti Interessati : navigatori Sito Internet.<\/span><\/h3>\n<\/p>\n<p><span style=\"font-weight: 400;\">Associazione di promozione sociale 2020 <\/span><span style=\"font-weight: 400;\">nella qualit\u00e0 di Titolare del trattamento dei Suoi dati personali, ai sensi e per gli effetti del Reg.to UE 2016\/679 di seguito \u2018GDPR\u2019, con la presente La informa che la citata normativa prevede la tutela degli interessati rispetto al trattamento dei dati personali e che tale trattamento sar\u00e0 improntato ai principi di correttezza, liceit\u00e0, trasparenza e di tutela della Sua riservatezza e dei Suoi diritti.<\/span><\/p>\n<p><span style=\"font-weight: 400;\">I Suoi dati personali verranno trattati in accordo alle disposizioni legislative della normativa sopra richiamata e degli obblighi di riservatezza ivi previsti.<\/span><\/p>\n<\/p>\n<p><b>Finalit\u00e0 di trattamento:<\/b><span style=\"font-weight: 400;\"> in particolare i Suoi dati verranno trattati per le seguenti finalit\u00e0 connesse all\u2019attuazione di adempimenti relativi ad obblighi legislativi o contrattuali:<\/span><\/p>\n<\/p>\n<p><span style=\"font-weight: 400;\">-contattare l\u2019utente. Dati Personali raccolti: nome; email; citt\u00e0; numero di telefono;<\/span><\/p>\n<p><span style=\"font-weight: 400;\">-accesso tecnico e Funzionale al Sito nessun dato viene tenuto dopo la chiusura del Browser;<\/span><\/p>\n<p><span style=\"font-weight: 400;\">-finalit\u00e0 di navigazione Evoluta o gestione dei contenuti personalizzata;<\/span><\/p>\n<p><span style=\"font-weight: 400;\">-finalit\u00e0 Statistica e di Analisi della navigazione e degli utenti.<\/span><\/p>\n<\/p>\n<p><span style=\"font-weight: 400;\">Il trattamento dei dati funzionali per l\u2019espletamento di tali obblighi \u00e8 necessario per una corretta gestione del rapporto e il loro conferimento \u00e8 obbligatorio per attuare le finalit\u00e0 sopra indicate. Il Titolare rende noto, inoltre, che l\u2019eventuale non comunicazione, o comunicazione errata, di una delle informazioni obbligatorie, pu\u00f2 causare l\u2019impossibilit\u00e0 del Titolare di garantire la congruit\u00e0 del trattamento stesso.<\/span><\/p>\n<p><span style=\"font-weight: 400;\">I Suoi dati personali potranno inoltre, previo suo consenso, essere utilizzati per le seguenti finalit\u00e0:<\/span><\/p>\n<\/p>\n<p><span style=\"font-weight: 400;\">-finalit\u00e0 di Marketing e Pubblicit\u00e0.<\/span><\/p>\n<\/p>\n<p><span style=\"font-weight: 400;\">Il conferimento dei dati \u00e8 per Lei facoltativo riguardo alle sopraindicate finalit\u00e0, ed un suo eventuale rifiuto al trattamento non compromette la prosecuzione del rapporto o la congruit\u00e0 del trattamento stesso.<\/span><\/p>\n<\/p>\n<p><b>Modalit\u00e0 del trattamento.<\/b><span style=\"font-weight: 400;\"> I suoi dati personali potranno essere trattati nei seguenti modi:<\/span><\/p>\n<p><span style=\"font-weight: 400;\">-a mezzo calcolatori elettronici con utilizzo di sistemi software gestiti da Terzi;<\/span><\/p>\n<p><span style=\"font-weight: 400;\">-trattamento temporaneo in Forma Anonima.<\/span><\/p>\n<\/p>\n<p><span style=\"font-weight: 400;\">Ogni trattamento avviene nel rispetto delle modalit\u00e0 dicui agli artt. 6, 32 del GDPR e mediante l\u2019adozione delle adeguate misure di sicurezza previste.<\/span><\/p>\n<\/p>\n<p><b>Comunicazione:<\/b><span style=\"font-weight: 400;\"> i suoi dati saranno comunicati esclusivamente a soggetti competenti e debitamente nominati per l\u2019espletamento dei servizi necessari ad una corretta gestione del rapporto, con garanzia di tutela dei diritti dell\u2019interessato.<\/span><\/p>\n<p><span style=\"font-weight: 400;\">I suoi dati saranno trattati unicamente da personale espressamente autorizzato dal Titolare ed, in particolare, dalle seguenti categorie di addetti:<\/span><\/p>\n<\/p>\n<p><span style=\"font-weight: 400;\">-ufficio Amministrazione.<\/span><\/p>\n<\/p>\n<p><span style=\"font-weight: 400;\">I suoi dati potranno essere comunicati a terzi debitamente nominati Responsabili al trattamento, in particolare a:<\/span><\/p>\n<\/p>\n<ul>\n<li style=\"font-weight: 400;\" aria-level=\"1\"><b>Google Maps<\/b><span style=\"font-weight: 400;\"> \u00e8 un servizio di visualizzazione di mappe gestito da Google Ireland Limited che permette a questa Applicazione di integrare tali contenuti all\u2019interno delle proprie pagine. Dati Personali raccolti: Cookie; Dati di utilizzo. Luogo del trattamento: <\/span><span style=\"font-weight: 400;\">Irlanda \u2013 <\/span><a href=\"https:\/\/policies.google.com\/privacy\"><span style=\"font-weight: 400;\">Privacy Policy<\/span><\/a><span style=\"font-weight: 400;\"> \u2013 <\/span><a href=\"https:\/\/tools.google.com\/dlpage\/gaoptout?hl=en\"><span style=\"font-weight: 400;\">Opt Out<\/span><\/a><span style=\"font-weight: 400;\">. Soggetto aderente al Privacy Shield.<\/span><\/li>\n<li style=\"font-weight: 400;\" aria-level=\"1\"><b>Social button.<\/b><span style=\"font-weight: 400;\"> Il Sito utilizza un <\/span><i><span style=\"font-weight: 400;\">link<\/span><\/i><span style=\"font-weight: 400;\"> che permette agli utenti di visitare il profilo <\/span><i><span style=\"font-weight: 400;\">Facebook e Instagram<\/span><\/i><span style=\"font-weight: 400;\"> di Associazione VentiVenti<\/span><span style=\"font-weight: 400;\">. Questo <\/span><i><span style=\"font-weight: 400;\">link<\/span><\/i><span style=\"font-weight: 400;\">, che si presenta sotto forma di icona del relativo <\/span><i><span style=\"font-weight: 400;\">social network,<\/span><\/i><span style=\"font-weight: 400;\"> non comporta l\u2019installazione di cookie di terze parti.<\/span><\/li>\n<\/ul>\n<p><b>Diffusione<\/b><span style=\"font-weight: 400;\">: I suoi dati personali non verranno diffusi in alcun modo.<\/span><\/p>\n<p><span style=\"font-weight: 400;\">I suoi dati personali potranno inoltre essere trasferiti, limitatamente alle finalit\u00e0 sopra riportate, nei seguenti stati:<\/span><\/p>\n<\/p>\n<p><span style=\"font-weight: 400;\">-paesi UE;<\/span><\/p>\n<p><span style=\"font-weight: 400;\">-Stati Uniti.<\/span><\/p>\n<\/p>\n<p><b>Periodo di Conservazione.<\/b><span style=\"font-weight: 400;\"> Le segnaliamo che, nel rispetto dei principi di liceit\u00e0, limitazione delle finalit\u00e0 e minimizzazione dei dati, ai sensi dell\u2019art. 5 del GDPR, il periodo di conservazione dei Suoi dati personali \u00e8:<\/span><\/p>\n<\/p>\n<p><span style=\"font-weight: 400;\">-stabilito per un arco di tempo non superiore al conseguimento delle finalit\u00e0 per le quali sono raccolti e trattati per l\u2019esecuzione e l\u2019espletamento delle finalit\u00e0 contrattuali;<\/span><\/p>\n<p><span style=\"font-weight: 400;\">-stabilito per un arco di tempo non superiore all\u2019espletamento dei servizi erogati;<\/span><\/p>\n<p><span style=\"font-weight: 400;\">-stabilito per un arco di tempo non superiore al conseguimento delle finalit\u00e0 per le quali sono raccolti e trattati e nel rispetto dei tempi obbligatori prescritti dalla legge.<\/span><\/p>\n<\/p>\n<p><b>Gestione dei cookie<\/b><span style=\"font-weight: 400;\">: nel caso in cui Lei abbia dubbi o preoccupazioni in merito all\u2019utilizzo dei cookie Le \u00e8 sempre possibile intervenire per impedirne l\u2019impostazione e la lettura, ad esempio modificando le impostazioni sulla privacy all\u2019interno del Suo browser al fine di bloccarne determinati tipi.<\/span><\/p>\n<\/p>\n<p><span style=\"font-weight: 400;\">Poich\u00e9 ciascun browser &#8211; e spesso diverse versioni dello stesso browser &#8211; differiscono anche sensibilmente le une dalle altre se preferisce agire autonomamente mediante le preferenze del Suo browser pu\u00f2 trovare informazioni dettagliate sulla procedura necessaria nella guida del Suo browser. Per una panoramica delle modalit\u00e0 di azione per i browser pi\u00f9 comuni, pu\u00f2 visitare l\u2019indirizzo www.cookiepedia.co.uk.<\/span><\/p>\n<\/p>\n<p><span style=\"font-weight: 400;\">Le societ\u00e0 pubblicitarie consentono inoltre di rinunciare alla ricezione di annunci mirati, se lo si desidera. Ci\u00f2 non impedisce l\u2019impostazione dei cookie, ma interrompe l\u2019utilizzo e la raccolta di alcuni dati da parte di tali societ\u00e0.<\/span><\/p>\n<p><span style=\"font-weight: 400;\">Per maggiori informazioni e possibilit\u00e0 di rinuncia, visitare l\u2019indirizzo www.youronlinechoices.eu\/.<\/span><\/p>\n<\/p>\n<p><b>Titolare:<\/b><span style=\"font-weight: 400;\"> il Titolare del trattamento dei dati, ai sensi della Legge, \u00e8 Associazione di promozione sociale 2020 Via Morelli 14, 23017 Morbegno (SO), C.F.:<span>91012750146 <\/span><\/span><span style=\"font-weight: 400;\">&#8211; <span>P.IVA: 00908290141 &#8211; PEC\u00a0<\/span><a href=\"mailto:a2020@pec.it\" target=\"_blank\" rel=\"noopener\">a2020@pec.it<\/a> &#8211; Email. <a class=\"el-content uk-flex-inline uk-flex-center uk-flex-middle\" title=\"segreteriaventiventiaps@gmail.com\" href=\"mailto:segreteriaventiventiaps@gmail.com\">segreteriaventiventiaps@gmail.com<\/a><\/span><\/p>\n<\/div>\n<p><!--more--><br \/>\n<!-- {\"type\":\"layout\",\"children\":[{\"type\":\"section\",\"props\":{\"image_position\":\"center-center\",\"style\":\"default\",\"title_breakpoint\":\"xl\",\"title_position\":\"top-left\",\"title_rotation\":\"left\",\"vertical_align\":\"middle\",\"width\":\"default\"},\"children\":[{\"type\":\"row\",\"children\":[{\"type\":\"column\",\"props\":{\"image_position\":\"center-center\",\"position_sticky_breakpoint\":\"m\"},\"children\":[{\"type\":\"headline\",\"props\":{\"content\":\"Privacy policy\",\"title_element\":\"h1\",\"title_style\":\"h1\"}},{\"type\":\"text\",\"props\":{\"column_breakpoint\":\"m\",\"content\":\"\n\n<h2><span style=\\\"font-weight: 400;\\\">Informativa sul trattamento dei dati personali ex artt. 13-14 Reg.to UE 2016\\\/679.<\\\/span><\\\/h2>\\n\n\n<p><\\\/p>\\n\n\n<h3><span style=\\\"font-weight: 400;\\\">Soggetti Interessati : navigatori Sito Internet.<\\\/span><\\\/h3>\\n\n\n<p><\\\/p>\\n\n\n<p><span style=\\\"font-weight: 400;\\\">Associazione di promozione sociale 2020 <\\\/span><span style=\\\"font-weight: 400;\\\">nella qualit\\u00e0 di Titolare del trattamento dei Suoi dati personali, ai sensi e per gli effetti del Reg.to UE 2016\\\/679 di seguito \\u2018GDPR\\u2019, con la presente La informa che la citata normativa prevede la tutela degli interessati rispetto al trattamento dei dati personali e che tale trattamento sar\\u00e0 improntato ai principi di correttezza, liceit\\u00e0, trasparenza e di tutela della Sua riservatezza e dei Suoi diritti.<\\\/span><\\\/p>\\n\n\n<p><span style=\\\"font-weight: 400;\\\">I Suoi dati personali verranno trattati in accordo alle disposizioni legislative della normativa sopra richiamata e degli obblighi di riservatezza ivi previsti.<\\\/span><\\\/p>\\n\n\n<p><\\\/p>\\n\n\n<p><b>Finalit\\u00e0 di trattamento:<\\\/b><span style=\\\"font-weight: 400;\\\"> in particolare i Suoi dati verranno trattati per le seguenti finalit\\u00e0 connesse all\\u2019attuazione di adempimenti relativi ad obblighi legislativi o contrattuali:<\\\/span><\\\/p>\\n\n\n<p><\\\/p>\\n\n\n<p><span style=\\\"font-weight: 400;\\\">-contattare l\\u2019utente. Dati Personali raccolti: nome; email; citt\\u00e0; numero di telefono;<\\\/span><\\\/p>\\n\n\n<p><span style=\\\"font-weight: 400;\\\">-accesso tecnico e Funzionale al Sito nessun dato viene tenuto dopo la chiusura del Browser;<\\\/span><\\\/p>\\n\n\n<p><span style=\\\"font-weight: 400;\\\">-finalit\\u00e0 di navigazione Evoluta o gestione dei contenuti personalizzata;<\\\/span><\\\/p>\\n\n\n<p><span style=\\\"font-weight: 400;\\\">-finalit\\u00e0 Statistica e di Analisi della navigazione e degli utenti.<\\\/span><\\\/p>\\n\n\n<p><\\\/p>\\n\n\n<p><span style=\\\"font-weight: 400;\\\">Il trattamento dei dati funzionali per l\\u2019espletamento di tali obblighi \\u00e8 necessario per una corretta gestione del rapporto e il loro conferimento \\u00e8 obbligatorio per attuare le finalit\\u00e0 sopra indicate. Il Titolare rende noto, inoltre, che l\\u2019eventuale non comunicazione, o comunicazione errata, di una delle informazioni obbligatorie, pu\\u00f2 causare l\\u2019impossibilit\\u00e0 del Titolare di garantire la congruit\\u00e0 del trattamento stesso.<\\\/span><\\\/p>\\n\n\n<p><span style=\\\"font-weight: 400;\\\">I Suoi dati personali potranno inoltre, previo suo consenso, essere utilizzati per le seguenti finalit\\u00e0:<\\\/span><\\\/p>\\n\n\n<p><\\\/p>\\n\n\n<p><span style=\\\"font-weight: 400;\\\">-finalit\\u00e0 di Marketing e Pubblicit\\u00e0.<\\\/span><\\\/p>\\n\n\n<p><\\\/p>\\n\n\n<p><span style=\\\"font-weight: 400;\\\">Il conferimento dei dati \\u00e8 per Lei facoltativo riguardo alle sopraindicate finalit\\u00e0, ed un suo eventuale rifiuto al trattamento non compromette la prosecuzione del rapporto o la congruit\\u00e0 del trattamento stesso.<\\\/span><\\\/p>\\n\n\n<p><\\\/p>\\n\n\n<p><b>Modalit\\u00e0 del trattamento.<\\\/b><span style=\\\"font-weight: 400;\\\"> I suoi dati personali potranno essere trattati nei seguenti modi:<\\\/span><\\\/p>\\n\n\n<p><span style=\\\"font-weight: 400;\\\">-a mezzo calcolatori elettronici con utilizzo di sistemi software gestiti da Terzi;<\\\/span><\\\/p>\\n\n\n<p><span style=\\\"font-weight: 400;\\\">-trattamento temporaneo in Forma Anonima.<\\\/span><\\\/p>\\n\n\n<p><\\\/p>\\n\n\n<p><span style=\\\"font-weight: 400;\\\">Ogni trattamento avviene nel rispetto delle modalit\\u00e0 dicui agli artt. 6, 32 del GDPR e mediante l\\u2019adozione delle adeguate misure di sicurezza previste.<\\\/span><\\\/p>\\n\n\n<p><\\\/p>\\n\n\n<p><b>Comunicazione:<\\\/b><span style=\\\"font-weight: 400;\\\"> i suoi dati saranno comunicati esclusivamente a soggetti competenti e debitamente nominati per l\\u2019espletamento dei servizi necessari ad una corretta gestione del rapporto, con garanzia di tutela dei diritti dell\\u2019interessato.<\\\/span><\\\/p>\\n\n\n<p><span style=\\\"font-weight: 400;\\\">I suoi dati saranno trattati unicamente da personale espressamente autorizzato dal Titolare ed, in particolare, dalle seguenti categorie di addetti:<\\\/span><\\\/p>\\n\n\n<p><\\\/p>\\n\n\n<p><span style=\\\"font-weight: 400;\\\">-ufficio Amministrazione.<\\\/span><\\\/p>\\n\n\n<p><\\\/p>\\n\n\n<p><span style=\\\"font-weight: 400;\\\">I suoi dati potranno essere comunicati a terzi debitamente nominati Responsabili al trattamento, in particolare a:<\\\/span><\\\/p>\\n\n\n<p><\\\/p>\\n\n\n<ul>\\n\n\n<li style=\\\"font-weight: 400;\\\" aria-level=\\\"1\\\"><b>Google Maps<\\\/b><span style=\\\"font-weight: 400;\\\"> \\u00e8 un servizio di visualizzazione di mappe gestito da Google Ireland Limited che permette a questa Applicazione di integrare tali contenuti all\\u2019interno delle proprie pagine. Dati Personali raccolti: Cookie; Dati di utilizzo. Luogo del trattamento: <\\\/span><span style=\\\"font-weight: 400;\\\">Irlanda \\u2013 <\\\/span><a href=\\\"https:\\\/\\\/policies.google.com\\\/privacy\\\"><span style=\\\"font-weight: 400;\\\">Privacy Policy<\\\/span><\\\/a><span style=\\\"font-weight: 400;\\\"> \\u2013 <\\\/span><a href=\\\"https:\\\/\\\/tools.google.com\\\/dlpage\\\/gaoptout?hl=en\\\"><span style=\\\"font-weight: 400;\\\">Opt Out<\\\/span><\\\/a><span style=\\\"font-weight: 400;\\\">. Soggetto aderente al Privacy Shield.<\\\/span><\\\/li>\\n\n\n<li style=\\\"font-weight: 400;\\\" aria-level=\\\"1\\\"><b>Social button.<\\\/b><span style=\\\"font-weight: 400;\\\"> Il Sito utilizza un <\\\/span><i><span style=\\\"font-weight: 400;\\\">link<\\\/span><\\\/i><span style=\\\"font-weight: 400;\\\"> che permette agli utenti di visitare il profilo <\\\/span><i><span style=\\\"font-weight: 400;\\\">Facebook e Instagram<\\\/span><\\\/i><span style=\\\"font-weight: 400;\\\"> di Associazione VentiVenti<\\\/span><span style=\\\"font-weight: 400;\\\">. Questo <\\\/span><i><span style=\\\"font-weight: 400;\\\">link<\\\/span><\\\/i><span style=\\\"font-weight: 400;\\\">, che si presenta sotto forma di icona del relativo <\\\/span><i><span style=\\\"font-weight: 400;\\\">social network,<\\\/span><\\\/i><span style=\\\"font-weight: 400;\\\"> non comporta l\\u2019installazione di cookie di terze parti.<\\\/span><\\\/li>\\n<\\\/ul>\\n\n\n<p><\\\/p>\\n\n\n<p><b>Diffusione<\\\/b><span style=\\\"font-weight: 400;\\\">: I suoi dati personali non verranno diffusi in alcun modo.<\\\/span><\\\/p>\\n\n\n<p><span style=\\\"font-weight: 400;\\\">I suoi dati personali potranno inoltre essere trasferiti, limitatamente alle finalit\\u00e0 sopra riportate, nei seguenti stati:<\\\/span><\\\/p>\\n\n\n<p><\\\/p>\\n\n\n<p><span style=\\\"font-weight: 400;\\\">-paesi UE;<\\\/span><\\\/p>\\n\n\n<p><span style=\\\"font-weight: 400;\\\">-Stati Uniti.<\\\/span><\\\/p>\\n\n\n<p><\\\/p>\\n\n\n<p><b>Periodo di Conservazione.<\\\/b><span style=\\\"font-weight: 400;\\\"> Le segnaliamo che, nel rispetto dei principi di liceit\\u00e0, limitazione delle finalit\\u00e0 e minimizzazione dei dati, ai sensi dell\\u2019art. 5 del GDPR, il periodo di conservazione dei Suoi dati personali \\u00e8:<\\\/span><\\\/p>\\n\n\n<p><\\\/p>\\n\n\n<p><span style=\\\"font-weight: 400;\\\">-stabilito per un arco di tempo non superiore al conseguimento delle finalit\\u00e0 per le quali sono raccolti e trattati per l\\u2019esecuzione e l\\u2019espletamento delle finalit\\u00e0 contrattuali;<\\\/span><\\\/p>\\n\n\n<p><span style=\\\"font-weight: 400;\\\">-stabilito per un arco di tempo non superiore all\\u2019espletamento dei servizi erogati;<\\\/span><\\\/p>\\n\n\n<p><span style=\\\"font-weight: 400;\\\">-stabilito per un arco di tempo non superiore al conseguimento delle finalit\\u00e0 per le quali sono raccolti e trattati e nel rispetto dei tempi obbligatori prescritti dalla legge.<\\\/span><\\\/p>\\n\n\n<p><\\\/p>\\n\n\n<p><b>Gestione dei cookie<\\\/b><span style=\\\"font-weight: 400;\\\">: nel caso in cui Lei abbia dubbi o preoccupazioni in merito all\\u2019utilizzo dei cookie Le \\u00e8 sempre possibile intervenire per impedirne l\\u2019impostazione e la lettura, ad esempio modificando le impostazioni sulla privacy all\\u2019interno del Suo browser al fine di bloccarne determinati tipi.<\\\/span><\\\/p>\\n\n\n<p><\\\/p>\\n\n\n<p><span style=\\\"font-weight: 400;\\\">Poich\\u00e9 ciascun browser - e spesso diverse versioni dello stesso browser - differiscono anche sensibilmente le une dalle altre se preferisce agire autonomamente mediante le preferenze del Suo browser pu\\u00f2 trovare informazioni dettagliate sulla procedura necessaria nella guida del Suo browser. Per una panoramica delle modalit\\u00e0 di azione per i browser pi\\u00f9 comuni, pu\\u00f2 visitare l\\u2019indirizzo www.cookiepedia.co.uk.<\\\/span><\\\/p>\\n\n\n<p><\\\/p>\\n\n\n<p><span style=\\\"font-weight: 400;\\\">Le societ\\u00e0 pubblicitarie consentono inoltre di rinunciare alla ricezione di annunci mirati, se lo si desidera. Ci\\u00f2 non impedisce l\\u2019impostazione dei cookie, ma interrompe l\\u2019utilizzo e la raccolta di alcuni dati da parte di tali societ\\u00e0.<\\\/span><\\\/p>\\n\n\n<p><span style=\\\"font-weight: 400;\\\">Per maggiori informazioni e possibilit\\u00e0 di rinuncia, visitare l\\u2019indirizzo www.youronlinechoices.eu\\\/.<\\\/span><\\\/p>\\n\n\n<p><\\\/p>\\n\n\n<p><b>Titolare:<\\\/b><span style=\\\"font-weight: 400;\\\"> il Titolare del trattamento dei dati, ai sensi della Legge, \\u00e8 Associazione di promozione sociale 2020 Via Morelli 14, 23017 Morbegno (SO), C.F.:<span>91012750146 <\\\/span><\\\/span><span style=\\\"font-weight: 400;\\\">- <span>P.IVA: 00908290141 - PEC\\u00a0<\\\/span><a href=\\\"mailto:a2020@pec.it\\\" target=\\\"_blank\\\" rel=\\\"noopener\\\">a2020@pec.it<\\\/a> - Email. <a class=\\\"el-content uk-flex-inline uk-flex-center uk-flex-middle\\\" title=\\\"segreteriaventiventiaps@gmail.com\\\" href=\\\"mailto:segreteriaventiventiaps@gmail.com\\\">segreteriaventiventiaps@gmail.com<\\\/a><\\\/span><\\\/p>\",\"margin\":\"default\"}}]}]}]}],\"version\":\"4.3.12\"} --><\/p>\n","protected":false},"excerpt":{"rendered":"<p>Privacy policy Informativa sul trattamento dei dati personali ex artt. 13-14 Reg.to UE 2016\/679. Soggetti Interessati : navigatori Sito Internet. Associazione di promozione sociale 2020 nella qualit\u00e0 di Titolare del trattamento dei Suoi dati personali, ai sensi e per gli effetti del Reg.to UE 2016\/679 di seguito \u2018GDPR\u2019, con la presente La informa che la [&hellip;]<\/p>\n","protected":false},"author":1,"featured_media":0,"parent":0,"menu_order":0,"comment_status":"closed","ping_status":"open","template":"","meta":{"footnotes":""},"class_list":["post-3","page","type-page","status-publish","hentry"],"yoast_head":"<!-- This site is optimized with the Yoast SEO plugin v27.3 - https:\/\/yoast.com\/product\/yoast-seo-wordpress\/ -->\n<title>Privacy Policy - Associazione 2020<\/title>\n<meta name=\"robots\" content=\"index, follow, max-snippet:-1, max-image-preview:large, max-video-preview:-1\" \/>\n<link rel=\"canonical\" href=\"https:\/\/a2020.it\/index.php\/privacy-policy\/\" \/>\n<meta property=\"og:locale\" content=\"it_IT\" \/>\n<meta property=\"og:type\" content=\"article\" \/>\n<meta property=\"og:title\" content=\"Privacy Policy - Associazione 2020\" \/>\n<meta property=\"og:description\" content=\"Privacy policy Informativa sul trattamento dei dati personali ex artt. 13-14 Reg.to UE 2016\/679. Soggetti Interessati : navigatori Sito Internet. Associazione di promozione sociale 2020 nella qualit\u00e0 di Titolare del trattamento dei Suoi dati personali, ai sensi e per gli effetti del Reg.to UE 2016\/679 di seguito \u2018GDPR\u2019, con la presente La informa che la [&hellip;]\" \/>\n<meta property=\"og:url\" content=\"https:\/\/a2020.it\/index.php\/privacy-policy\/\" \/>\n<meta property=\"og:site_name\" content=\"Associazione 2020\" \/>\n<meta property=\"article:publisher\" content=\"https:\/\/www.facebook.com\/AssociazioneVentiVenti\/\" \/>\n<meta property=\"article:modified_time\" content=\"2024-04-23T09:04:46+00:00\" \/>\n<meta name=\"twitter:card\" content=\"summary_large_image\" \/>\n<meta name=\"twitter:label1\" content=\"Tempo di lettura stimato\" \/>\n\t<meta name=\"twitter:data1\" content=\"4 minuti\" \/>\n<script type=\"application\/ld+json\" class=\"yoast-schema-graph\">{\"@context\":\"https:\\\/\\\/schema.org\",\"@graph\":[{\"@type\":\"WebPage\",\"@id\":\"https:\\\/\\\/a2020.it\\\/index.php\\\/privacy-policy\\\/\",\"url\":\"https:\\\/\\\/a2020.it\\\/index.php\\\/privacy-policy\\\/\",\"name\":\"Privacy Policy - Associazione 2020\",\"isPartOf\":{\"@id\":\"https:\\\/\\\/a2020.it\\\/#website\"},\"datePublished\":\"2023-12-28T08:14:30+00:00\",\"dateModified\":\"2024-04-23T09:04:46+00:00\",\"breadcrumb\":{\"@id\":\"https:\\\/\\\/a2020.it\\\/index.php\\\/privacy-policy\\\/#breadcrumb\"},\"inLanguage\":\"it-IT\",\"potentialAction\":[{\"@type\":\"ReadAction\",\"target\":[\"https:\\\/\\\/a2020.it\\\/index.php\\\/privacy-policy\\\/\"]}]},{\"@type\":\"BreadcrumbList\",\"@id\":\"https:\\\/\\\/a2020.it\\\/index.php\\\/privacy-policy\\\/#breadcrumb\",\"itemListElement\":[{\"@type\":\"ListItem\",\"position\":1,\"name\":\"Home\",\"item\":\"https:\\\/\\\/a2020.it\\\/\"},{\"@type\":\"ListItem\",\"position\":2,\"name\":\"Privacy Policy\"}]},{\"@type\":\"WebSite\",\"@id\":\"https:\\\/\\\/a2020.it\\\/#website\",\"url\":\"https:\\\/\\\/a2020.it\\\/\",\"name\":\"Associazione 2020\",\"description\":\"Promozione allo sviluppo sostenibile\",\"publisher\":{\"@id\":\"https:\\\/\\\/a2020.it\\\/#organization\"},\"potentialAction\":[{\"@type\":\"SearchAction\",\"target\":{\"@type\":\"EntryPoint\",\"urlTemplate\":\"https:\\\/\\\/a2020.it\\\/?s={search_term_string}\"},\"query-input\":{\"@type\":\"PropertyValueSpecification\",\"valueRequired\":true,\"valueName\":\"search_term_string\"}}],\"inLanguage\":\"it-IT\"},{\"@type\":\"Organization\",\"@id\":\"https:\\\/\\\/a2020.it\\\/#organization\",\"name\":\"Associazione 2020\",\"url\":\"https:\\\/\\\/a2020.it\\\/\",\"logo\":{\"@type\":\"ImageObject\",\"inLanguage\":\"it-IT\",\"@id\":\"https:\\\/\\\/a2020.it\\\/#\\\/schema\\\/logo\\\/image\\\/\",\"url\":\"http:\\\/\\\/a2020.it\\\/wp-content\\\/uploads\\\/2023\\\/12\\\/LOGO-A2020.png\",\"contentUrl\":\"http:\\\/\\\/a2020.it\\\/wp-content\\\/uploads\\\/2023\\\/12\\\/LOGO-A2020.png\",\"width\":4500,\"height\":2180,\"caption\":\"Associazione 2020\"},\"image\":{\"@id\":\"https:\\\/\\\/a2020.it\\\/#\\\/schema\\\/logo\\\/image\\\/\"},\"sameAs\":[\"https:\\\/\\\/www.facebook.com\\\/AssociazioneVentiVenti\\\/\",\"https:\\\/\\\/www.instagram.com\\\/apsventiventi\\\/\"]}]}<\/script>\n<!-- \/ Yoast SEO plugin. -->","yoast_head_json":{"title":"Privacy Policy - Associazione 2020","robots":{"index":"index","follow":"follow","max-snippet":"max-snippet:-1","max-image-preview":"max-image-preview:large","max-video-preview":"max-video-preview:-1"},"canonical":"https:\/\/a2020.it\/index.php\/privacy-policy\/","og_locale":"it_IT","og_type":"article","og_title":"Privacy Policy - Associazione 2020","og_description":"Privacy policy Informativa sul trattamento dei dati personali ex artt. 13-14 Reg.to UE 2016\/679. Soggetti Interessati : navigatori Sito Internet. Associazione di promozione sociale 2020 nella qualit\u00e0 di Titolare del trattamento dei Suoi dati personali, ai sensi e per gli effetti del Reg.to UE 2016\/679 di seguito \u2018GDPR\u2019, con la presente La informa che la [&hellip;]","og_url":"https:\/\/a2020.it\/index.php\/privacy-policy\/","og_site_name":"Associazione 2020","article_publisher":"https:\/\/www.facebook.com\/AssociazioneVentiVenti\/","article_modified_time":"2024-04-23T09:04:46+00:00","twitter_card":"summary_large_image","twitter_misc":{"Tempo di lettura stimato":"4 minuti"},"schema":{"@context":"https:\/\/schema.org","@graph":[{"@type":"WebPage","@id":"https:\/\/a2020.it\/index.php\/privacy-policy\/","url":"https:\/\/a2020.it\/index.php\/privacy-policy\/","name":"Privacy Policy - Associazione 2020","isPartOf":{"@id":"https:\/\/a2020.it\/#website"},"datePublished":"2023-12-28T08:14:30+00:00","dateModified":"2024-04-23T09:04:46+00:00","breadcrumb":{"@id":"https:\/\/a2020.it\/index.php\/privacy-policy\/#breadcrumb"},"inLanguage":"it-IT","potentialAction":[{"@type":"ReadAction","target":["https:\/\/a2020.it\/index.php\/privacy-policy\/"]}]},{"@type":"BreadcrumbList","@id":"https:\/\/a2020.it\/index.php\/privacy-policy\/#breadcrumb","itemListElement":[{"@type":"ListItem","position":1,"name":"Home","item":"https:\/\/a2020.it\/"},{"@type":"ListItem","position":2,"name":"Privacy Policy"}]},{"@type":"WebSite","@id":"https:\/\/a2020.it\/#website","url":"https:\/\/a2020.it\/","name":"Associazione 2020","description":"Promozione allo sviluppo sostenibile","publisher":{"@id":"https:\/\/a2020.it\/#organization"},"potentialAction":[{"@type":"SearchAction","target":{"@type":"EntryPoint","urlTemplate":"https:\/\/a2020.it\/?s={search_term_string}"},"query-input":{"@type":"PropertyValueSpecification","valueRequired":true,"valueName":"search_term_string"}}],"inLanguage":"it-IT"},{"@type":"Organization","@id":"https:\/\/a2020.it\/#organization","name":"Associazione 2020","url":"https:\/\/a2020.it\/","logo":{"@type":"ImageObject","inLanguage":"it-IT","@id":"https:\/\/a2020.it\/#\/schema\/logo\/image\/","url":"http:\/\/a2020.it\/wp-content\/uploads\/2023\/12\/LOGO-A2020.png","contentUrl":"http:\/\/a2020.it\/wp-content\/uploads\/2023\/12\/LOGO-A2020.png","width":4500,"height":2180,"caption":"Associazione 2020"},"image":{"@id":"https:\/\/a2020.it\/#\/schema\/logo\/image\/"},"sameAs":["https:\/\/www.facebook.com\/AssociazioneVentiVenti\/","https:\/\/www.instagram.com\/apsventiventi\/"]}]}},"_links":{"self":[{"href":"https:\/\/a2020.it\/index.php\/wp-json\/wp\/v2\/pages\/3","targetHints":{"allow":["GET"]}}],"collection":[{"href":"https:\/\/a2020.it\/index.php\/wp-json\/wp\/v2\/pages"}],"about":[{"href":"https:\/\/a2020.it\/index.php\/wp-json\/wp\/v2\/types\/page"}],"author":[{"embeddable":true,"href":"https:\/\/a2020.it\/index.php\/wp-json\/wp\/v2\/users\/1"}],"replies":[{"embeddable":true,"href":"https:\/\/a2020.it\/index.php\/wp-json\/wp\/v2\/comments?post=3"}],"version-history":[{"count":4,"href":"https:\/\/a2020.it\/index.php\/wp-json\/wp\/v2\/pages\/3\/revisions"}],"predecessor-version":[{"id":464,"href":"https:\/\/a2020.it\/index.php\/wp-json\/wp\/v2\/pages\/3\/revisions\/464"}],"wp:attachment":[{"href":"https:\/\/a2020.it\/index.php\/wp-json\/wp\/v2\/media?parent=3"}],"curies":[{"name":"wp","href":"https:\/\/api.w.org\/{rel}","templated":true}]}}